{"id":228,"date":"2019-12-17T07:29:15","date_gmt":"2019-12-17T07:29:15","guid":{"rendered":"http:\/\/www.lvmg.mx\/\/?page_id=228"},"modified":"2020-02-10T16:20:11","modified_gmt":"2020-02-10T22:20:11","slug":"rodrigo-lazo-corvera","status":"publish","type":"page","link":"https:\/\/www.lvmg.mx\/es\/rodrigo-lazo-corvera\/","title":{"rendered":"RODRIGO LAZO CORVERA"},"content":{"rendered":"<p>[vc_row content_placement=\u00bbmiddle\u00bb css=\u00bb.vc_custom_1576561060196{margin-top: 40px !important;margin-bottom: 0px !important;padding-bottom: 0px !important;}\u00bb][vc_column width=\u00bb1\/12&#8243;][\/vc_column][vc_column width=\u00bb10\/12&#8243;][vc_single_image image=\u00bb184&#8243; img_size=\u00bbfull\u00bb onclick=\u00bbcustom_link\u00bb link=\u00bbhttp:\/\/www.lvmg.mx\/\/\u00bb el_id=\u00bbflecha-volver\u00bb css=\u00bb.vc_custom_1576561084246{margin-bottom: 0px !important;padding-bottom: 0px !important;}\u00bb][\/vc_column][vc_column width=\u00bb1\/12&#8243;][\/vc_column][\/vc_row][vc_row equal_height=\u00bbyes\u00bb el_class=\u00bbposicion-relativa abogado-titulo\u00bb][vc_column width=\u00bb1\/12&#8243;][\/vc_column][vc_column width=\u00bb4\/12&#8243; css=\u00bb.vc_custom_1576557392555{padding-right: 0px !important;padding-left: 0px !important;}\u00bb][\/vc_column][vc_column width=\u00bb7\/12&#8243;][vc_custom_heading text=\u00bbRODRIGO LAZO CORVERA\u00bb font_container=\u00bbtag:h2|font_size:2em|text_align:left|color:%23ffffff|line_height:1em\u00bb use_theme_fonts=\u00bbyes\u00bb css=\u00bb.vc_custom_1581373207070{margin-bottom: 0px !important;padding-bottom: 0px !important;}\u00bb el_class=\u00bbcolor-white font-weight mayusculas\u00bb][\/vc_column][\/vc_row][vc_row equal_height=\u00bbyes\u00bb][vc_column width=\u00bb1\/12&#8243;][\/vc_column][vc_column width=\u00bb4\/12&#8243; css=\u00bb.vc_custom_1576558343121{padding-right: 0px !important;padding-left: 0px !important;}\u00bb el_class=\u00bbposicion-relativa columna-foto-abogado\u00bb][vc_single_image image=\u00bb224&#8243; img_size=\u00bblarge\u00bb alignment=\u00bbright\u00bb el_class=\u00bbfoto-abogado\u00bb css=\u00bb.vc_custom_1576567751923{margin-top: 20px !important;margin-bottom: 20px !important;}\u00bb][\/vc_column][vc_column width=\u00bb7\/12&#8243; css=\u00bb.vc_custom_1576566262761{padding-top: 50px !important;background-color: #2b2420 !important;}\u00bb el_id=\u00bbdescripcion-abogado\u00bb][vc_custom_heading text=\u00bbSOCIO \u00c1REA PENAL\u00bb font_container=\u00bbtag:div|font_size:1em|text_align:left|color:%23b3964e|line_height:1.2em\u00bb use_theme_fonts=\u00bbyes\u00bb css=\u00bb.vc_custom_1576567699130{margin-top: 0px !important;margin-bottom: 0px !important;padding-top: 0px !important;padding-bottom: 0px !important;padding-left: 55px !important;}\u00bb][vc_custom_heading text=\u00bbrlazo@lvmg.mx\u00bb font_container=\u00bbtag:div|font_size:0.85em|text_align:left|color:%23ffffff|line_height:1.2em\u00bb use_theme_fonts=\u00bbyes\u00bb css=\u00bb.vc_custom_1576567703558{margin-top: 0px !important;margin-bottom: 0px !important;padding-top: 0px !important;padding-bottom: 0px !important;padding-left: 55px !important;}\u00bb][vc_column_text el_class=\u00bblista-especial color-white\u00bb css=\u00bb.vc_custom_1580252249008{padding-top: 15px !important;padding-left: 65px !important;}\u00bb]<span style=\"font-weight: 400;\">&#8211; Abogado por la Facultad de Derecho de la Universidad Panamericana, Campus Guadalajara (1993-1998).<\/span><\/p>\n<p><span style=\"font-weight: 400;\">&#8211; M\u00e1ster en Estudios Human\u00edsticos y Sociales-Itinerario Jur\u00eddico por la Universidad Abat Oliba de Barcelona, Espa\u00f1a (2013).<\/span><\/p>\n<p><span style=\"font-weight: 400;\">&#8211; Maestr\u00eda en Derecho P\u00fablico por la Facultad de Derecho de la Universidad Panamericana, Campus Guadalajara (2009-2010).<\/span><\/p>\n<p><span style=\"font-weight: 400;\">&#8211; Doctorado en Derecho por la Universidad Panamericana, Campus Guadalajara.<\/span><\/p>\n<p><span style=\"font-weight: 400;\">&#8211; Socio de la firma de abogados Lazo, Villa, Moel y Garc\u00eda, S.C. y Director del \u00c1rea Penal (Desde 1998 a la fecha).<\/span><\/p>\n<p><span style=\"font-weight: 400;\">&#8211; Presidente del Cap\u00edtulo Jalisco de la Barra Mexicana Colegio de Abogados, A.C., Cap\u00edtulo Jalisco (2015-2017).<\/span><\/p>\n<p><span style=\"font-weight: 400;\">&#8211; Coordinador de la Comisi\u00f3n Pro Bono de la Barra Mexicana Colegio de Abogados, A.C., Cap\u00edtulo Jalisco (2019-2021).<\/span><\/p>\n<p><span style=\"font-weight: 400;\">&#8211; Miembro activo de la Comisi\u00f3n de Estudios Jur\u00eddicos del Consejo de C\u00e1maras Industriales de Jalisco.<\/span><\/p>\n<p><span style=\"font-weight: 400;\">&#8211; Profesor de Derecho Penal en la Facultad de Derecho de la Universidad Panamericana, Campus Guadalajara y ha impartido diversos cursos en el Instituto de la Judicatura Federal del Poder Judicial de la Federaci\u00f3n.<\/span><\/p>\n<p><span style=\"font-weight: 400;\">&#8211; Profesor en la maestr\u00eda de Derecho de Empresa de la Facultad de Derecho de la Universidad Panamericana en sus Campus Santa Fe (Ciudad de M\u00e9xico) y Guadalajara.<\/span>[\/vc_column_text][\/vc_column][\/vc_row]<\/p>\n","protected":false},"excerpt":{"rendered":"<p>[vc_row content_placement=\u00bbmiddle\u00bb css=\u00bb.vc_custom_1576561060196{margin-top: 40px !important;margin-bottom: 0px !important;padding-bottom: 0px !important;}\u00bb][vc_column width=\u00bb1\/12&#8243;][\/vc_column][vc_column width=\u00bb10\/12&#8243;][vc_single_image image=\u00bb184&#8243; img_size=\u00bbfull\u00bb onclick=\u00bbcustom_link\u00bb link=\u00bbhttp:\/\/www.lvmg.mx\/\/\u00bb el_id=\u00bbflecha-volver\u00bb css=\u00bb.vc_custom_1576561084246{margin-bottom: 0px !important;padding-bottom: 0px !important;}\u00bb][\/vc_column][vc_column width=\u00bb1\/12&#8243;][\/vc_column][\/vc_row][vc_row equal_height=\u00bbyes\u00bb el_class=\u00bbposicion-relativa abogado-titulo\u00bb][vc_column width=\u00bb1\/12&#8243;][\/vc_column][vc_column width=\u00bb4\/12&#8243; css=\u00bb.vc_custom_1576557392555{padding-right: 0px !important;padding-left: 0px !important;}\u00bb][\/vc_column][vc_column width=\u00bb7\/12&#8243;][vc_custom_heading text=\u00bbRODRIGO LAZO CORVERA\u00bb font_container=\u00bbtag:h2|font_size:2em|text_align:left|color:%23ffffff|line_height:1em\u00bb use_theme_fonts=\u00bbyes\u00bb css=\u00bb.vc_custom_1581373207070{margin-bottom: 0px !important;padding-bottom: 0px !important;}\u00bb el_class=\u00bbcolor-white font-weight mayusculas\u00bb][\/vc_column][\/vc_row][vc_row equal_height=\u00bbyes\u00bb][vc_column width=\u00bb1\/12&#8243;][\/vc_column][vc_column width=\u00bb4\/12&#8243; css=\u00bb.vc_custom_1576558343121{padding-right: 0px !important;padding-left: 0px !important;}\u00bb el_class=\u00bbposicion-relativa &hellip; <a href=\"https:\/\/www.lvmg.mx\/es\/rodrigo-lazo-corvera\/\" class=\"more-link\">Continue reading <span class=\"screen-reader-text\">RODRIGO LAZO CORVERA<\/span> <span class=\"meta-nav\">&rarr;<\/span><\/a><\/p>\n","protected":false},"author":1,"featured_media":0,"parent":0,"menu_order":0,"comment_status":"closed","ping_status":"closed","template":"","meta":{"footnotes":""},"class_list":["post-228","page","type-page","status-publish","hentry"],"_links":{"self":[{"href":"https:\/\/www.lvmg.mx\/es\/wp-json\/wp\/v2\/pages\/228","targetHints":{"allow":["GET"]}}],"collection":[{"href":"https:\/\/www.lvmg.mx\/es\/wp-json\/wp\/v2\/pages"}],"about":[{"href":"https:\/\/www.lvmg.mx\/es\/wp-json\/wp\/v2\/types\/page"}],"author":[{"embeddable":true,"href":"https:\/\/www.lvmg.mx\/es\/wp-json\/wp\/v2\/users\/1"}],"replies":[{"embeddable":true,"href":"https:\/\/www.lvmg.mx\/es\/wp-json\/wp\/v2\/comments?post=228"}],"version-history":[{"count":5,"href":"https:\/\/www.lvmg.mx\/es\/wp-json\/wp\/v2\/pages\/228\/revisions"}],"predecessor-version":[{"id":367,"href":"https:\/\/www.lvmg.mx\/es\/wp-json\/wp\/v2\/pages\/228\/revisions\/367"}],"wp:attachment":[{"href":"https:\/\/www.lvmg.mx\/es\/wp-json\/wp\/v2\/media?parent=228"}],"curies":[{"name":"wp","href":"https:\/\/api.w.org\/{rel}","templated":true}]}}