{"id":12,"date":"2019-12-16T07:45:28","date_gmt":"2019-12-16T07:45:28","guid":{"rendered":"http:\/\/www.lvmg.mx\/\/?page_id=12"},"modified":"2020-08-05T08:11:24","modified_gmt":"2020-08-05T14:11:24","slug":"inicio","status":"publish","type":"page","link":"https:\/\/www.lvmg.mx\/es\/","title":{"rendered":"Inicio"},"content":{"rendered":"<p>[vc_row][vc_column]\n\t\t\t<!-- START Principal REVOLUTION SLIDER 6.1.5 --><p class=\"rs-p-wp-fix\"><\/p>\n\t\t\t<rs-module-wrap id=\"rev_slider_1_1_wrapper\" data-source=\"gallery\" style=\"background:transparent;padding:0;\">\n\t\t\t\t<rs-module id=\"rev_slider_1_1\" style=\"display:none;\" data-version=\"6.1.5\">\n\t\t\t\t\t<rs-slides>\n\t\t\t\t\t\t<rs-slide data-key=\"rs-1\" data-title=\"Slide\" data-thumb=\"\/\/www.lvmg.mx\/wp-content\/uploads\/2019\/12\/Slide_01.jpg\" data-anim=\"ei:d;eo:d;s:1000;r:0;t:fade;sl:0;\">\n\t\t\t\t\t\t\t<img loading=\"lazy\" decoding=\"async\" src=\"\/\/www.lvmg.mx\/wp-content\/uploads\/2019\/12\/Slide_01.jpg\" title=\"Slide_01\" width=\"1920\" height=\"1080\" class=\"rev-slidebg\" data-no-retina>\n<!---->\t\t\t\t\t\t<\/rs-slide>\n\t\t\t\t\t\t<rs-slide data-key=\"rs-2\" data-title=\"Slide\" data-thumb=\"\/\/www.lvmg.mx\/wp-content\/uploads\/2020\/01\/oficina-scaled.jpg\" data-anim=\"ei:d;eo:d;s:1000;r:0;t:fade;sl:0;\">\n\t\t\t\t\t\t\t<img loading=\"lazy\" decoding=\"async\" src=\"\/\/www.lvmg.mx\/wp-content\/uploads\/2020\/01\/oficina-scaled.jpg\" title=\"oficina\" width=\"2560\" height=\"1910\" class=\"rev-slidebg\" data-no-retina>\n<!---->\t\t\t\t\t\t<\/rs-slide>\n\t\t\t\t\t\t<rs-slide data-key=\"rs-3\" data-title=\"Slide\" data-thumb=\"\/\/www.lvmg.mx\/wp-content\/uploads\/2019\/12\/Slide_03-1.jpg\" data-anim=\"ei:d;eo:d;s:1000;r:0;t:fade;sl:0;\">\n\t\t\t\t\t\t\t<img loading=\"lazy\" decoding=\"async\" src=\"\/\/www.lvmg.mx\/wp-content\/uploads\/2019\/12\/Slide_03-1.jpg\" title=\"Slide_03\" width=\"1920\" height=\"1080\" class=\"rev-slidebg\" data-no-retina>\n<!---->\t\t\t\t\t\t<\/rs-slide>\n\t\t\t\t\t<\/rs-slides>\n\t\t\t\t\t<rs-progress class=\"rs-bottom\" style=\"visibility: hidden !important;\"><\/rs-progress>\n\t\t\t\t<\/rs-module>\n\t\t\t\t<script type=\"text\/javascript\">\n\t\t\t\t\tsetREVStartSize({c: 'rev_slider_1_1',rl:[1240,1024,778,480],el:[900],gw:[1240],gh:[900],layout:'fullscreen',offsetContainer:'',offset:'',mh:\"0\"});\n\t\t\t\t\tvar\trevapi1,\n\t\t\t\t\t\ttpj;\n\t\t\t\t\tjQuery(function() {\n\t\t\t\t\t\ttpj = jQuery;\n\t\t\t\t\t\tif(tpj(\"#rev_slider_1_1\").revolution == undefined){\n\t\t\t\t\t\t\trevslider_showDoubleJqueryError(\"#rev_slider_1_1\");\n\t\t\t\t\t\t}else{\n\t\t\t\t\t\t\trevapi1 = tpj(\"#rev_slider_1_1\").show().revolution({\n\t\t\t\t\t\t\t\tjsFileLocation:\"\/\/www.lvmg.mx\/wp-content\/plugins\/revslider\/public\/assets\/js\/\",\n\t\t\t\t\t\t\t\tsliderLayout:\"fullscreen\",\n\t\t\t\t\t\t\t\tvisibilityLevels:\"1240,1024,778,480\",\n\t\t\t\t\t\t\t\tgridwidth:1240,\n\t\t\t\t\t\t\t\tgridheight:900,\n\t\t\t\t\t\t\t\tminHeight:\"\",\n\t\t\t\t\t\t\t\tspinner:\"spinner0\",\n\t\t\t\t\t\t\t\teditorheight:\"900,768,960,720\",\n\t\t\t\t\t\t\t\tresponsiveLevels:\"1240,1024,778,480\",\n\t\t\t\t\t\t\t\tdisableProgressBar:\"on\",\n\t\t\t\t\t\t\t\tnavigation: {\n\t\t\t\t\t\t\t\t\tonHoverStop:false,\n\t\t\t\t\t\t\t\t\tarrows: {\n\t\t\t\t\t\t\t\t\t\tenable:true,\n\t\t\t\t\t\t\t\t\t\tstyle:\"uranus\",\n\t\t\t\t\t\t\t\t\t\tleft: {\n\t\t\t\t\t\t\t\t\t\t\th_offset:0\n\t\t\t\t\t\t\t\t\t\t},\n\t\t\t\t\t\t\t\t\t\tright: {\n\t\t\t\t\t\t\t\t\t\t\th_offset:0\n\t\t\t\t\t\t\t\t\t\t}\n\t\t\t\t\t\t\t\t\t}\n\t\t\t\t\t\t\t\t},\n\t\t\t\t\t\t\t\tfallbacks: {\n\t\t\t\t\t\t\t\t\tallowHTML5AutoPlayOnAndroid:true\n\t\t\t\t\t\t\t\t},\n\t\t\t\t\t\t\t});\n\t\t\t\t\t\t}\n\t\t\t\t\t\t\n\t\t\t\t\t});\n\t\t\t\t<\/script>\n\t\t\t\t<script>\n\t\t\t\t\tvar htmlDivCss = unescape(\"%23rev_slider_1_1_wrapper%20.uranus.tparrows%20%7B%0A%20%20width%3A50px%3B%0A%20%20height%3A50px%3B%0A%20%20background%3Argba%28255%2C255%2C255%2C0%29%3B%0A%20%7D%0A%20%23rev_slider_1_1_wrapper%20.uranus.tparrows%3Abefore%20%7B%0A%20width%3A50px%3B%0A%20height%3A50px%3B%0A%20line-height%3A50px%3B%0A%20font-size%3A40px%3B%0A%20transition%3Aall%200.3s%3B%0A-webkit-transition%3Aall%200.3s%3B%0A%20%7D%0A%20%0A%20%20%23rev_slider_1_1_wrapper%20.uranus.tparrows%3Ahover%3Abefore%20%7B%0A%20%20%20%20opacity%3A0.75%3B%0A%20%20%7D%0A\");\n\t\t\t\t\tvar htmlDiv = document.getElementById('rs-plugin-settings-inline-css');\n\t\t\t\t\tif(htmlDiv) {\n\t\t\t\t\t\thtmlDiv.innerHTML = htmlDiv.innerHTML + htmlDivCss;\n\t\t\t\t\t}else{\n\t\t\t\t\t\tvar htmlDiv = document.createElement('div');\n\t\t\t\t\t\thtmlDiv.innerHTML = '<style>' + htmlDivCss + '<\/style>';\n\t\t\t\t\t\tdocument.getElementsByTagName('head')[0].appendChild(htmlDiv.childNodes[0]);\n\t\t\t\t\t}\n\t\t\t\t<\/script>\n\t\t\t\t<script>\n\t\t\t\t\tvar htmlDivCss = unescape(\"%0A%0A%0A\");\n\t\t\t\t\tvar htmlDiv = document.getElementById('rs-plugin-settings-inline-css');\n\t\t\t\t\tif(htmlDiv) {\n\t\t\t\t\t\thtmlDiv.innerHTML = htmlDiv.innerHTML + htmlDivCss;\n\t\t\t\t\t}else{\n\t\t\t\t\t\tvar htmlDiv = document.createElement('div');\n\t\t\t\t\t\thtmlDiv.innerHTML = '<style>' + htmlDivCss + '<\/style>';\n\t\t\t\t\t\tdocument.getElementsByTagName('head')[0].appendChild(htmlDiv.childNodes[0]);\n\t\t\t\t\t}\n\t\t\t\t<\/script>\n\t\t\t<\/rs-module-wrap>\n\t\t\t<!-- END REVOLUTION SLIDER -->\n[\/vc_column][\/vc_row][vc_row css=\u00bb.vc_custom_1579915181261{margin-top: 0px !important;margin-bottom: 0px !important;padding-top: 0px !important;padding-bottom: 0px !important;}\u00bb el_class=\u00bbposicion-relativa\u00bb el_id=\u00bbnosotros\u00bb][vc_column width=\u00bb1\/6&#8243; css=\u00bb.vc_custom_1576543068558{margin-top: 0px !important;margin-bottom: 0px !important;padding-top: 0px !important;padding-bottom: 0px !important;}\u00bb][\/vc_column][vc_column width=\u00bb5\/6&#8243;][vc_custom_heading text=\u00bbNosotros\u00bb font_container=\u00bbtag:h2|font_size:4em|text_align:left|color:%232b2420|line_height:1em\u00bb use_theme_fonts=\u00bbyes\u00bb css=\u00bb.vc_custom_1578691973945{margin-top: 35px !important;margin-bottom: 0px !important;padding-top: 0px !important;padding-bottom: 0px !important;padding-left: 0px !important;}\u00bb el_class=\u00bbdmserif posicion-relativa z-index3 line-height-0-7 posicion-f\u00bb][\/vc_column][\/vc_row][vc_row full_height=\u00bbyes\u00bb columns_placement=\u00bbtop\u00bb css=\u00bb.vc_custom_1579915189883{margin-top: 0px !important;margin-bottom: 0px !important;background-image: url(http:\/\/www.lvmg.mx\/\/wp-content\/uploads\/2019\/12\/fondo-nosotros.png?id=53) !important;background-position: 0 0 !important;background-repeat: no-repeat !important;}\u00bb el_id=\u00bbnosotros-fondo\u00bb][vc_column width=\u00bb1\/6&#8243;][\/vc_column][vc_column width=\u00bb5\/6&#8243;][vc_row_inner css=\u00bb.vc_custom_1576486840023{margin-top: 0px !important;padding-top: 45px !important;padding-bottom: 145px !important;background-color: #edecec !important;}\u00bb el_id=\u00bbfila-nosotros-texto\u00bb][vc_column_inner width=\u00bb3\/12&#8243; offset=\u00bbvc_hidden-sm vc_hidden-xs\u00bb][\/vc_column_inner][vc_column_inner el_class=\u00bbposition-relative\u00bb width=\u00bb7\/12&#8243; css=\u00bb.vc_custom_1578692178171{margin-top: -50px !important;margin-left: 5% !important;border-top-width: 5px !important;border-top-color: #b3964e !important;border-top-style: solid !important;}\u00bb][vc_column_text el_class=\u00bbtexto-nosotros\u00bb]<strong>La Firma Lazo, Villa, Moel, y Garc\u00eda, S.C., fue fundada en 1963 como \u201cLazo Mendiz\u00e1bal, Camarena Font-Reaulx y Jim\u00e9nez Remus\u201d<\/strong> con el prop\u00f3sito de ofrecer servicios profesionales de asesor\u00eda jur\u00eddica en diversas especialidades, tanto a clientes nacionales como extranjeros. Actualmente se encuentra formada por un <strong>grupo de 40 profesionales<\/strong> en derecho que a trav\u00e9s de nuestras oficinas en Guadalajara y Puerto Vallarta, as\u00ed como de convenios de asociaci\u00f3n con despachos en todo el occidente del pa\u00eds, Monterrey y la Ciudad de M\u00e9xico, prestan su servicio en las siguientes \u00e1reas de especialidad:[\/vc_column_text][vc_custom_heading text=\u00bbConocer m\u00e1s&#8230;\u00bb font_container=\u00bbtag:div|font_size:1em|text_align:right|color:%23ffffff|line_height:1em\u00bb use_theme_fonts=\u00bbyes\u00bb link=\u00bburl:http%3A%2F%2Flvmg.mx%2Findex.php%2Fnosotros%2F|title:Nosotros||\u00bb css=\u00bb.vc_custom_1576792321171{padding-top: 10px !important;padding-right: 20px !important;padding-bottom: 10px !important;padding-left: 20px !important;background-color: #b3964e !important;}\u00bb el_class=\u00bbinline-block float-right\u00bb][\/vc_column_inner][vc_column_inner width=\u00bb2\/12&#8243; offset=\u00bbvc_hidden-sm vc_hidden-xs\u00bb][\/vc_column_inner][\/vc_row_inner][\/vc_column][\/vc_row][vc_row full_height=\u00bbyes\u00bb columns_placement=\u00bbtop\u00bb css=\u00bb.vc_custom_1579915398359{margin-top: 0px !important;padding-top: 0px !important;background: #edecec url(http:\/\/www.lvmg.mx\/\/wp-content\/uploads\/2019\/12\/fondo-abogados.png?id=60) !important;}\u00bb el_class=\u00bbfondo-abogados posicion-relativa\u00bb el_id=\u00bbabogados\u00bb][vc_column css=\u00bb.vc_custom_1576538880365{padding-top: 0px !important;}\u00bb][vc_custom_heading text=\u00bbAbogados\u00bb font_container=\u00bbtag:h2|font_size:3.9em|text_align:right|color:%23ffffff|line_height:1em\u00bb use_theme_fonts=\u00bbyes\u00bb el_class=\u00bbtitular-abogados dmserif\u00bb css=\u00bb.vc_custom_1576615772770{margin-top: 0px !important;margin-bottom: 0px !important;padding-top: 80px !important;padding-right: 30px !important;padding-left: 15% !important;background-color: #b3964e !important;}\u00bb el_id=\u00bbtitular-abogados\u00bb][vc_tta_tabs alignment=\u00bbcenter\u00bb active_section=\u00bb1&#8243; el_id=\u00bbpestanas-abogados abogados\u00bb css=\u00bb.vc_custom_1576569095385{margin-right: 10% !important;margin-left: 15% !important;background-color: #ffffff !important;}\u00bb][vc_tta_section title=\u00bbSOCIOS\u00bb tab_id=\u00bbsocios\u00bb el_class=\u00bbtab-padding-left\u00bb][vc_row_inner][vc_column_inner width=\u00bb1\/4&#8243;][vc_custom_heading text=\u00bbRODRIGO<br \/>\nLAZO CORVERA\u00bb font_container=\u00bbtag:h4|font_size:1.1em|text_align:left|color:%232b2420|line_height:1em\u00bb use_theme_fonts=\u00bbyes\u00bb el_class=\u00bbbullet-nombre-abogado\u00bb css=\u00bb.vc_custom_1581378818924{margin-top: 20px !important;margin-bottom: 0px !important;padding-top: 0px !important;padding-bottom: 0px !important;padding-left: 25px !important;}\u00bb link=\u00bburl:http%3A%2F%2Fwww.lvmg.mx%2Frodrigo-lazo-corvera%2F|title:RODRIGO%20LAZO%20COVERA||\u00bb][vc_column_text el_class=\u00bbfont-size-0-8&#8243; css=\u00bb.vc_custom_1576540734043{margin-left: 25px !important;}\u00bb]Socio \u00e1rea penal[\/vc_column_text][\/vc_column_inner][vc_column_inner width=\u00bb1\/4&#8243;][vc_custom_heading text=\u00bbLUIS JORGE<br \/>\nGARCIA PADILLA\u00bb font_container=\u00bbtag:h4|font_size:1.1em|text_align:left|color:%232b2420|line_height:1em\u00bb use_theme_fonts=\u00bbyes\u00bb el_class=\u00bbbullet-nombre-abogado\u00bb css=\u00bb.vc_custom_1576567885743{margin-top: 20px !important;margin-bottom: 0px !important;padding-top: 0px !important;padding-bottom: 0px !important;padding-left: 25px !important;}\u00bb link=\u00bburl:http%3A%2F%2Flvmg.mx%2Findex.php%2Fluis-jorge-garcia-padilla%2F|title:Luis%20Jorge%20Garcia%20Padilla||\u00bb][vc_column_text el_class=\u00bbfont-size-0-8&#8243; css=\u00bb.vc_custom_1576540762606{margin-left: 25px !important;}\u00bb]Socio \u00e1rea civil y mercantil[\/vc_column_text][\/vc_column_inner][vc_column_inner width=\u00bb1\/4&#8243;][vc_custom_heading text=\u00bbSALVADOR<br \/>\nVILLA CURIEL\u00bb font_container=\u00bbtag:h4|font_size:1.1em|text_align:left|color:%232b2420|line_height:1em\u00bb use_theme_fonts=\u00bbyes\u00bb el_class=\u00bbbullet-nombre-abogado\u00bb css=\u00bb.vc_custom_1576567904595{margin-top: 20px !important;margin-bottom: 0px !important;padding-top: 0px !important;padding-bottom: 0px !important;padding-left: 25px !important;}\u00bb link=\u00bburl:http%3A%2F%2Flvmg.mx%2Findex.php%2Fsalvador-villa-curiel%2F|title:Salvador%20Villa%20Curiel||\u00bb][vc_column_text el_class=\u00bbfont-size-0-8&#8243; css=\u00bb.vc_custom_1596636665231{margin-left: 25px !important;}\u00bb]Socio \u00e1rea familiar[\/vc_column_text][\/vc_column_inner][vc_column_inner width=\u00bb1\/4&#8243;][vc_custom_heading text=\u00bbEDUARDO MOEL MODIANO\u00bb font_container=\u00bbtag:h4|font_size:1.1em|text_align:left|color:%232b2420|line_height:1em\u00bb use_theme_fonts=\u00bbyes\u00bb el_class=\u00bbbullet-nombre-abogado\u00bb css=\u00bb.vc_custom_1596636587613{margin-top: 20px !important;margin-bottom: 0px !important;padding-top: 0px !important;padding-bottom: 0px !important;padding-left: 25px !important;}\u00bb link=\u00bburl:http%3A%2F%2Fwww.lvmg.mx%2Feduardo-moel-modiano%2F|title:Eduardo%20Modiel%20Modiano||\u00bb][vc_column_text el_class=\u00bbfont-size-0-8&#8243;]Socio \u00c1rea Administrativa y F\u00edscal[\/vc_column_text][\/vc_column_inner][\/vc_row_inner][\/vc_tta_section][vc_tta_section title=\u00bbASOCIADOS\u00bb tab_id=\u00bbasociados\u00bb][vc_row_inner][vc_column_inner width=\u00bb1\/3&#8243;][vc_custom_heading text=\u00bbCarlos Enrique<br \/>\nBurguete Medina\u00bb font_container=\u00bbtag:h4|font_size:1.1em|text_align:left|color:%232b2420|line_height:1em\u00bb use_theme_fonts=\u00bbyes\u00bb el_class=\u00bbbullet-nombre-abogado mayusculas\u00bb css=\u00bb.vc_custom_1581615243285{margin-top: 20px !important;margin-bottom: 0px !important;padding-top: 0px !important;padding-right: 0px !important;padding-bottom: 0px !important;padding-left: 25px !important;}\u00bb link=\u00bburl:http%3A%2F%2Flvmg.mx%2Findex.php%2Fcarlos-burguete-medina%2F|title:Carlos%20Burguete%20Medina||\u00bb][vc_column_text el_class=\u00bbfont-size-0-8&#8243; css=\u00bb.vc_custom_1576792902905{margin-left: 25px !important;}\u00bb]Asociado \u00e1rea penal[\/vc_column_text][\/vc_column_inner][vc_column_inner width=\u00bb1\/3&#8243;][vc_custom_heading text=\u00bbMyrna Itzel<br \/>\nRuvalcaba\u00bb font_container=\u00bbtag:h4|font_size:1.1em|text_align:left|color:%232b2420|line_height:1em\u00bb use_theme_fonts=\u00bbyes\u00bb el_class=\u00bbbullet-nombre-abogado mayusculas\u00bb css=\u00bb.vc_custom_1576568363967{margin-top: 20px !important;margin-bottom: 0px !important;padding-top: 0px !important;padding-right: 0px !important;padding-bottom: 0px !important;padding-left: 25px !important;}\u00bb link=\u00bburl:http%3A%2F%2Flvmg.mx%2Findex.php%2Fmyrna-itzel-ruvalcaba%2F|||\u00bb][vc_column_text el_class=\u00bbfont-size-0-8&#8243; css=\u00bb.vc_custom_1576792906824{margin-left: 25px !important;}\u00bb]Asociado \u00e1rea mercantil[\/vc_column_text][\/vc_column_inner][vc_column_inner width=\u00bb1\/3&#8243;][vc_custom_heading text=\u00bbAlejandra<br \/>\nGarcidue\u00f1as Casillas\u00bb font_container=\u00bbtag:h4|font_size:1.1em|text_align:left|color:%232b2420|line_height:1em\u00bb use_theme_fonts=\u00bbyes\u00bb el_class=\u00bbbullet-nombre-abogado mayusculas\u00bb css=\u00bb.vc_custom_1576568368482{margin-top: 20px !important;margin-bottom: 0px !important;padding-top: 0px !important;padding-right: 0px !important;padding-bottom: 0px !important;padding-left: 25px !important;}\u00bb link=\u00bburl:http%3A%2F%2Flvmg.mx%2Findex.php%2Falejandra-garciduenas-casillas%2F|title:Alejandra%20Garcidue%C3%B1as%20Casillas||\u00bb][vc_column_text el_class=\u00bbfont-size-0-8&#8243; css=\u00bb.vc_custom_1576792915504{margin-left: 25px !important;}\u00bb]Asociado \u00e1rea administrativa y fiscal[\/vc_column_text][\/vc_column_inner][\/vc_row_inner][vc_row_inner][vc_column_inner width=\u00bb1\/3&#8243;][vc_custom_heading text=\u00bbRicardo Vinicio<br \/>\nRodriguez Printzen\u00bb font_container=\u00bbtag:h4|font_size:1.1em|text_align:left|color:%232b2420|line_height:1em\u00bb use_theme_fonts=\u00bbyes\u00bb el_class=\u00bbbullet-nombre-abogado mayusculas\u00bb css=\u00bb.vc_custom_1576568434861{margin-top: 20px !important;margin-bottom: 0px !important;padding-top: 0px !important;padding-right: 0px !important;padding-bottom: 0px !important;padding-left: 25px !important;}\u00bb link=\u00bburl:http%3A%2F%2Flvmg.mx%2Findex.php%2Fricardo-vinicio-rodriguez-printzen%2F|title:Ricardo%20Vinicio%20Rodriguez%20Printzen||\u00bb][vc_column_text el_class=\u00bbfont-size-0-8&#8243; css=\u00bb.vc_custom_1580346458296{margin-left: 25px !important;}\u00bb]Asociado \u00e1rea administrativa, fiscal y propiedad intelectual[\/vc_column_text][\/vc_column_inner][vc_column_inner width=\u00bb1\/3&#8243;][vc_custom_heading text=\u00bbHerIberto H.<br \/>\nVazquez Rodriguez\u00bb font_container=\u00bbtag:h4|font_size:1.1em|text_align:left|color:%232b2420|line_height:1em\u00bb use_theme_fonts=\u00bbyes\u00bb el_class=\u00bbbullet-nombre-abogado mayusculas\u00bb css=\u00bb.vc_custom_1576568501700{margin-top: 20px !important;margin-bottom: 0px !important;padding-top: 0px !important;padding-right: 0px !important;padding-bottom: 0px !important;padding-left: 25px !important;}\u00bb link=\u00bburl:http%3A%2F%2Flvmg.mx%2Findex.php%2Fheriberto-h-vazquez-rodriguez%2F|title:Heriberto%20H.%20Vazquez%20Rodriguez||\u00bb][vc_column_text el_class=\u00bbfont-size-0-8&#8243; css=\u00bb.vc_custom_1576568468714{margin-left: 25px !important;}\u00bb]Asociado \u00e1rea mercantil[\/vc_column_text][\/vc_column_inner][vc_column_inner width=\u00bb1\/3&#8243;][vc_custom_heading text=\u00bbRafael Pelayo<br \/>\nIbarra\u00bb font_container=\u00bbtag:h4|font_size:1.1em|text_align:left|color:%232b2420|line_height:1em\u00bb use_theme_fonts=\u00bbyes\u00bb el_class=\u00bbbullet-nombre-abogado mayusculas\u00bb css=\u00bb.vc_custom_1576568533239{margin-top: 20px !important;margin-bottom: 0px !important;padding-top: 0px !important;padding-right: 0px !important;padding-bottom: 0px !important;padding-left: 25px !important;}\u00bb link=\u00bburl:http%3A%2F%2Flvmg.mx%2Findex.php%2Frafael-pelayo-ibarra%2F|title:Rafael%20Pelayo%20Ibarra||\u00bb][vc_column_text el_class=\u00bbfont-size-0-8&#8243; css=\u00bb.vc_custom_1576792923608{margin-left: 25px !important;}\u00bb]Asociado \u00e1rea civil y mercantil[\/vc_column_text][\/vc_column_inner][\/vc_row_inner][vc_row_inner][vc_column_inner width=\u00bb1\/3&#8243;][vc_custom_heading text=\u00bbERNESTO<br \/>\nVALDES TOSTADO\u00bb font_container=\u00bbtag:h4|font_size:1.1em|text_align:left|color:%232b2420|line_height:1em\u00bb use_theme_fonts=\u00bbyes\u00bb el_class=\u00bbbullet-nombre-abogado mayusculas\u00bb css=\u00bb.vc_custom_1576568565260{margin-top: 20px !important;margin-bottom: 0px !important;padding-top: 0px !important;padding-right: 0px !important;padding-bottom: 0px !important;padding-left: 25px !important;}\u00bb link=\u00bburl:http%3A%2F%2Flvmg.mx%2Findex.php%2Flic-ernesto-valdes-tostado%2F|title:LIC.%20ERNESTO%20VALDES%20TOSTADO||\u00bb][vc_column_text el_class=\u00bbfont-size-0-8&#8243; css=\u00bb.vc_custom_1576792928732{margin-left: 25px !important;}\u00bb]Asociado \u00e1rea penal[\/vc_column_text][\/vc_column_inner][vc_column_inner width=\u00bb1\/3&#8243;][vc_custom_heading text=\u00bbJorge Gonz\u00e1lez<br \/>\nGarc\u00eda\u00bb font_container=\u00bbtag:h4|font_size:1.1em|text_align:left|color:%232b2420|line_height:1em\u00bb use_theme_fonts=\u00bbyes\u00bb el_class=\u00bbbullet-nombre-abogado mayusculas\u00bb css=\u00bb.vc_custom_1576568602468{margin-top: 20px !important;margin-bottom: 0px !important;padding-top: 0px !important;padding-right: 0px !important;padding-bottom: 0px !important;padding-left: 25px !important;}\u00bb link=\u00bburl:http%3A%2F%2Flvmg.mx%2Findex.php%2Fjorge-gonzalez-garcia%2F|title:Jorge%20Gonz%C3%A1lez%20Garcia||\u00bb][vc_column_text el_class=\u00bbfont-size-0-8&#8243; css=\u00bb.vc_custom_1576568614502{margin-left: 25px !important;}\u00bb]Asociado \u00e1rea mercantil y civil[\/vc_column_text][\/vc_column_inner][vc_column_inner width=\u00bb1\/3&#8243;][vc_custom_heading text=\u00bbJanette<br \/>\nChavez Ochoa\u00bb font_container=\u00bbtag:h4|font_size:1.1em|text_align:left|color:%232b2420|line_height:1em\u00bb use_theme_fonts=\u00bbyes\u00bb el_class=\u00bbbullet-nombre-abogado mayusculas\u00bb css=\u00bb.vc_custom_1576568630539{margin-top: 20px !important;margin-bottom: 0px !important;padding-top: 0px !important;padding-right: 0px !important;padding-bottom: 0px !important;padding-left: 25px !important;}\u00bb link=\u00bburl:http%3A%2F%2Flvmg.mx%2Findex.php%2Fjanette-chavez-ochoa%2F|title:Janette%20Chavez%20Ochoa||\u00bb][vc_column_text el_class=\u00bbfont-size-0-8&#8243; css=\u00bb.vc_custom_1576568641459{margin-left: 25px !important;}\u00bb]Asociado \u00e1rea mercantil y civil[\/vc_column_text][\/vc_column_inner][\/vc_row_inner][vc_row_inner][vc_column_inner width=\u00bb1\/3&#8243;][vc_custom_heading text=\u00bbViviana<br \/>\nRivadeneyra<br \/>\nSanchez\u00bb font_container=\u00bbtag:h4|font_size:1.1em|text_align:left|color:%232b2420|line_height:1em\u00bb use_theme_fonts=\u00bbyes\u00bb el_class=\u00bbbullet-nombre-abogado mayusculas\u00bb css=\u00bb.vc_custom_1576568659014{margin-top: 20px !important;margin-bottom: 0px !important;padding-top: 0px !important;padding-right: 0px !important;padding-bottom: 0px !important;padding-left: 25px !important;}\u00bb link=\u00bburl:http%3A%2F%2Flvmg.mx%2Findex.php%2Fviviana-rivadeneyra-sanchez%2F|title:Viviana%20Rivadeneyra%20Sanchez||\u00bb][vc_column_text el_class=\u00bbfont-size-0-8&#8243; css=\u00bb.vc_custom_1576568674049{margin-left: 25px !important;}\u00bb]Asociado \u00e1rea familiar[\/vc_column_text][\/vc_column_inner][vc_column_inner width=\u00bb1\/3&#8243;][vc_custom_heading text=\u00bbJos\u00e9 Antonio<br \/>\nAr\u00e1mbula Murillo\u00bb font_container=\u00bbtag:h4|font_size:1.1em|text_align:left|color:%232b2420|line_height:1em\u00bb use_theme_fonts=\u00bbyes\u00bb el_class=\u00bbbullet-nombre-abogado mayusculas\u00bb css=\u00bb.vc_custom_1576568708388{margin-top: 20px !important;margin-bottom: 0px !important;padding-top: 0px !important;padding-right: 0px !important;padding-bottom: 0px !important;padding-left: 25px !important;}\u00bb link=\u00bburl:http%3A%2F%2Flvmg.mx%2Findex.php%2Fjose-antonio-arambula-murillo%2F|title:Jos%C3%A9%20Antonio%20Ar%C3%A1mbula%20Murillo||\u00bb][vc_column_text el_class=\u00bbfont-size-0-8&#8243; css=\u00bb.vc_custom_1576792939700{margin-left: 25px !important;}\u00bb]Asociado \u00e1rea familiar[\/vc_column_text][\/vc_column_inner][vc_column_inner width=\u00bb1\/3&#8243;][\/vc_column_inner][\/vc_row_inner][\/vc_tta_section][\/vc_tta_tabs][\/vc_column][\/vc_row][vc_row full_height=\u00bbyes\u00bb el_id=\u00bbareas\u00bb][vc_column][vc_custom_heading text=\u00bb\u00c1reas de Trabajo\u00bb font_container=\u00bbtag:h2|font_size:4em|text_align:center|color:%238b7d79|line_height:1em\u00bb use_theme_fonts=\u00bbyes\u00bb el_class=\u00bbdmserif\u00bb css=\u00bb.vc_custom_1576541705843{margin-top: 0px !important;margin-bottom: 0px !important;padding-top: 100px !important;padding-bottom: 30px !important;background-image: url(http:\/\/www.lvmg.mx\/\/wp-content\/uploads\/2019\/12\/fondo-areas.jpg?id=90) !important;background-position: center !important;background-repeat: no-repeat !important;background-size: cover !important;}\u00bb el_id=\u00bbtitulo-areas\u00bb][vc_row_inner equal_height=\u00bbyes\u00bb content_placement=\u00bbmiddle\u00bb el_class=\u00bbpadding-area-trabajo\u00bb css=\u00bb.vc_custom_1576542110168{padding-top: 150px !important;padding-right: 10% !important;padding-bottom: 150px !important;padding-left: 10% !important;background-image: url(http:\/\/www.lvmg.mx\/\/wp-content\/uploads\/2019\/12\/fondo-areas-cafe.jpg?id=89) !important;background-position: center !important;background-repeat: no-repeat !important;background-size: contain !important;}\u00bb el_id=\u00bbareas-interna\u00bb][vc_column_inner width=\u00bb1\/4&#8243;][vc_custom_heading text=\u00bb\u00c1REA<br \/>\nPENAL\u00bb font_container=\u00bbtag:h2|font_size:1.25em|text_align:center|color:%23ffffff|line_height:1em\u00bb use_theme_fonts=\u00bbyes\u00bb link=\u00bburl:http%3A%2F%2Flvmg.mx%2Findex.php%2Farea-penal%2F|title:%C3%81rea%20Penal||\u00bb][\/vc_column_inner][vc_column_inner width=\u00bb1\/4&#8243;][vc_custom_heading text=\u00bb\u00c1REA<br \/>\nADMINISTRATIVA<br \/>\nY FISCAL\u00bb font_container=\u00bbtag:h2|font_size:1.25em|text_align:center|color:%23ffffff|line_height:1em\u00bb use_theme_fonts=\u00bbyes\u00bb link=\u00bburl:http%3A%2F%2Flvmg.mx%2Findex.php%2Farea-administrativa-y-fiscal%2F|title:%C3%81rea%20administrativa%20y%20fiscal||\u00bb][\/vc_column_inner][vc_column_inner width=\u00bb1\/4&#8243;][vc_custom_heading text=\u00bb\u00c1REA CIVIL<br \/>\nY MERCANTIL\u00bb font_container=\u00bbtag:h2|font_size:1.25em|text_align:center|color:%23ffffff|line_height:1em\u00bb use_theme_fonts=\u00bbyes\u00bb link=\u00bburl:http%3A%2F%2Flvmg.mx%2Findex.php%2Farea-civil-y-mercantil%2F|title:%C3%81rea%20civil%20y%20mercantil||\u00bb][\/vc_column_inner][vc_column_inner width=\u00bb1\/4&#8243;][vc_custom_heading text=\u00bb\u00c1REA<br \/>\nFAMILIAR\u00bb font_container=\u00bbtag:h2|font_size:1.25em|text_align:center|color:%23ffffff|line_height:1em\u00bb use_theme_fonts=\u00bbyes\u00bb link=\u00bburl:http%3A%2F%2Flvmg.mx%2Findex.php%2Farea-familiar%2F|title:%C3%81rea%20familiar||\u00bb][\/vc_column_inner][\/vc_row_inner][\/vc_column][\/vc_row][vc_row el_id=\u00bbclientes\u00bb css=\u00bb.vc_custom_1579915691404{margin-top: 0px !important;margin-bottom: 0px !important;padding-top: 0px !important;padding-bottom: 0px !important;}\u00bb el_class=\u00bbposicion-relativa\u00bb][vc_column width=\u00bb1\/4&#8243; css=\u00bb.vc_custom_1576543068558{margin-top: 0px !important;margin-bottom: 0px !important;padding-top: 0px !important;padding-bottom: 0px !important;}\u00bb][\/vc_column][vc_column width=\u00bb3\/4&#8243;][vc_custom_heading text=\u00bbClientes\u00bb font_container=\u00bbtag:h2|font_size:4em|text_align:left|color:%232b2420|line_height:1em\u00bb use_theme_fonts=\u00bbyes\u00bb el_id=\u00bbtitular-clientes\u00bb css=\u00bb.vc_custom_1578536935234{margin-top: 35px !important;margin-bottom: 0px !important;padding-top: 0px !important;padding-bottom: 0px !important;padding-left: 0px !important;}\u00bb el_class=\u00bbdmserif posicion-relativa z-index3 line-height-0-7 posicion-e\u00bb][\/vc_column][\/vc_row][vc_row full_height=\u00bbyes\u00bb columns_placement=\u00bbtop\u00bb el_id=\u00bbfila-clientes\u00bb css=\u00bb.vc_custom_1577045653843{margin-top: 0px !important;margin-bottom: 0px !important;padding-top: 0px !important;padding-bottom: 0px !important;background-image: url(http:\/\/www.lvmg.mx\/\/wp-content\/uploads\/2019\/12\/fondo-home-clientes.png?id=97) !important;background-position: 0 0 !important;background-repeat: no-repeat !important;}\u00bb][vc_column width=\u00bb1\/4&#8243; css=\u00bb.vc_custom_1576543068558{margin-top: 0px !important;margin-bottom: 0px !important;padding-top: 0px !important;padding-bottom: 0px !important;}\u00bb][\/vc_column][vc_column width=\u00bb3\/4&#8243; css=\u00bb.vc_custom_1579915622174{margin-top: -30px !important;padding-top: 0px !important;padding-right: 8% !important;padding-left: 8% !important;background-color: #cbc4c0 !important;}\u00bb el_class=\u00bbposicion-relativa\u00bb el_id=\u00bbclientes-columna-interna\u00bb][vc_custom_heading text=\u00bbALGUNOS DE NUESTROS CLIENTES SON:\u00bb font_container=\u00bbtag:h5|font_size:1.1em|text_align:center|color:%23ffffff|line_height:1em\u00bb use_theme_fonts=\u00bbyes\u00bb css=\u00bb.vc_custom_1578536626190{margin-top: 0px !important;padding-top: 5px !important;padding-bottom: 5px !important;background-color: #b3964e !important;}\u00bb][vc_row_inner el_id=\u00bblistado-clientes\u00bb][vc_column_inner width=\u00bb1\/4&#8243;][vc_custom_heading text=\u00bbGVI<br \/>\nARQUITECTOS\u00bb font_container=\u00bbtag:h2|font_size:1.1em|text_align:center|line_height:1em\u00bb use_theme_fonts=\u00bbyes\u00bb][vc_custom_heading text=\u00bbLABORATORIOS<br \/>\nPISA S.A. DE C.V.\u00bb font_container=\u00bbtag:h2|font_size:1.1em|text_align:center|line_height:1em\u00bb use_theme_fonts=\u00bbyes\u00bb][vc_custom_heading text=\u00bbGRUPO GH\u00cdA\u00bb font_container=\u00bbtag:h2|font_size:1.1em|text_align:center|line_height:1em\u00bb use_theme_fonts=\u00bbyes\u00bb][vc_custom_heading text=\u00bbPACIFIC STAR\u00bb font_container=\u00bbtag:h2|font_size:1.1em|text_align:center|line_height:1em\u00bb use_theme_fonts=\u00bbyes\u00bb][vc_custom_heading text=\u00bbV\u00c1LVULAS<br \/>\nY HERRAMIENTAS<br \/>\nURREA\u00bb font_container=\u00bbtag:h2|font_size:1.1em|text_align:center|line_height:1em\u00bb use_theme_fonts=\u00bbyes\u00bb][vc_custom_heading text=\u00bbSAYAMAP,<br \/>\nS. DE R.L. DE C.V.\u00bb font_container=\u00bbtag:h2|font_size:1.1em|text_align:center|line_height:1em\u00bb use_theme_fonts=\u00bbyes\u00bb][vc_custom_heading text=\u00bbFMC AGROQU\u00cdMICA<br \/>\nDE M\u00c9XICO\u00bb font_container=\u00bbtag:h2|font_size:1.1em|text_align:center|line_height:1em\u00bb use_theme_fonts=\u00bbyes\u00bb][vc_custom_heading text=\u00bbALMER\u00bb font_container=\u00bbtag:h2|font_size:1.1em|text_align:center|line_height:1em\u00bb use_theme_fonts=\u00bbyes\u00bb][vc_custom_heading text=\u00bbGRUPO<br \/>\nFERN\u00c1NDEZ\u00bb font_container=\u00bbtag:h2|font_size:1.1em|text_align:center|line_height:1em\u00bb use_theme_fonts=\u00bbyes\u00bb][vc_custom_heading text=\u00bbREALTORS<br \/>\nAPPLEGATE\u00bb font_container=\u00bbtag:h2|font_size:1.1em|text_align:center|line_height:1em\u00bb use_theme_fonts=\u00bbyes\u00bb][vc_custom_heading text=\u00bbGRUPO<br \/>\nINMOBILIARIO GYC\u00bb font_container=\u00bbtag:h2|font_size:1.1em|text_align:center|line_height:1em\u00bb use_theme_fonts=\u00bbyes\u00bb][\/vc_column_inner][vc_column_inner width=\u00bb1\/4&#8243;][vc_custom_heading text=\u00bbGVI<br \/>\nDESARROLLOS\u00bb font_container=\u00bbtag:h2|font_size:1.1em|text_align:center|line_height:1em\u00bb use_theme_fonts=\u00bbyes\u00bb][vc_custom_heading text=\u00bbBLOOM VALLEY<br \/>\nCORPORATION\u00bb font_container=\u00bbtag:h2|font_size:1.1em|text_align:center|line_height:1em\u00bb use_theme_fonts=\u00bbyes\u00bb][vc_custom_heading text=\u00bbBAYER NUNHEMS\u00bb font_container=\u00bbtag:h2|font_size:1.1em|text_align:center|line_height:1em\u00bb use_theme_fonts=\u00bbyes\u00bb][vc_custom_heading text=\u00bbTIP DE M\u00c9XICO\u00bb font_container=\u00bbtag:h2|font_size:1.1em|text_align:center|line_height:1em\u00bb use_theme_fonts=\u00bbyes\u00bb][vc_custom_heading text=\u00bbAUTOTRANSPORTE<br \/>\nDE CHAPALA\u00bb font_container=\u00bbtag:h2|font_size:1.1em|text_align:center|line_height:1em\u00bb use_theme_fonts=\u00bbyes\u00bb][vc_custom_heading text=\u00bbINDUSTRIA<br \/>\nDISE\u00d1ADORA DE<br \/>\nAUTO PARTES\u00bb font_container=\u00bbtag:h2|font_size:1.1em|text_align:center|line_height:1em\u00bb use_theme_fonts=\u00bbyes\u00bb][vc_custom_heading text=\u00bbBANCO AZTECA\u00bb font_container=\u00bbtag:h2|font_size:1.1em|text_align:center|line_height:1em\u00bb use_theme_fonts=\u00bbyes\u00bb][vc_custom_heading text=\u00bbMINSA\u00bb font_container=\u00bbtag:h2|font_size:1.1em|text_align:center|line_height:1em\u00bb use_theme_fonts=\u00bbyes\u00bb][vc_custom_heading text=\u00bbCEDEM CONSULTOR\u00cdA<br \/>\nPATRIMONIAL<br \/>\nEMPRESARIAL\u00bb font_container=\u00bbtag:h2|font_size:1.1em|text_align:center|line_height:1em\u00bb use_theme_fonts=\u00bbyes\u00bb][vc_custom_heading text=\u00bbDESARROLLADORA<br \/>\nCASES S.A. DE C.V.\u00bb font_container=\u00bbtag:h2|font_size:1.1em|text_align:center|line_height:1em\u00bb use_theme_fonts=\u00bbyes\u00bb][vc_custom_heading text=\u00bbGRUPO<br \/>\nFERRAN\u00bb font_container=\u00bbtag:h2|font_size:1.1em|text_align:center|line_height:1em\u00bb use_theme_fonts=\u00bbyes\u00bb][\/vc_column_inner][vc_column_inner width=\u00bb1\/4&#8243;][vc_custom_heading text=\u00bbGIG<br \/>\nDESARROLLOS\u00bb font_container=\u00bbtag:h2|font_size:1.1em|text_align:center|line_height:1em\u00bb use_theme_fonts=\u00bbyes\u00bb][vc_custom_heading text=\u00bbMETALOR USA<br \/>\nREFINING<br \/>\nCORPORATION\u00bb font_container=\u00bbtag:h2|font_size:1.1em|text_align:center|line_height:1em\u00bb use_theme_fonts=\u00bbyes\u00bb][vc_custom_heading text=\u00bbESPACIO MINERVA<br \/>\nDALTON\u00bb font_container=\u00bbtag:h2|font_size:1.1em|text_align:center|line_height:1em\u00bb use_theme_fonts=\u00bbyes\u00bb][vc_custom_heading text=\u00bbMEXICANA DE<br \/>\nLUBRICANTES<br \/>\nMEXLUB\u00bb font_container=\u00bbtag:h2|font_size:1.1em|text_align:center|line_height:1em\u00bb use_theme_fonts=\u00bbyes\u00bb][vc_custom_heading text=\u00bbOMNIBUS<br \/>\nDE TEQUILA\u00bb font_container=\u00bbtag:h2|font_size:1.1em|text_align:center|line_height:1em\u00bb use_theme_fonts=\u00bbyes\u00bb][vc_custom_heading text=\u00bbINTERLUB<br \/>\nS.A. DE C.V.\u00bb font_container=\u00bbtag:h2|font_size:1.1em|text_align:center|line_height:1em\u00bb use_theme_fonts=\u00bbyes\u00bb][vc_custom_heading text=\u00bbELEKTRA\u00bb font_container=\u00bbtag:h2|font_size:1.1em|text_align:center|line_height:1em\u00bb use_theme_fonts=\u00bbyes\u00bb][vc_custom_heading text=\u00bbGRUPO<br \/>\nCAMCAR\u00bb font_container=\u00bbtag:h2|font_size:1.1em|text_align:center|line_height:1em\u00bb use_theme_fonts=\u00bbyes\u00bb][vc_custom_heading text=\u00bbLABORATORIOS<br \/>\nJALOMA<br \/>\nS.A. DE C.V.\u00bb font_container=\u00bbtag:h2|font_size:1.1em|text_align:center|line_height:1em\u00bb use_theme_fonts=\u00bbyes\u00bb][vc_custom_heading text=\u00bbINVERNADEROS<br \/>\nBONANZA S.A. DE C.V.\u00bb font_container=\u00bbtag:h2|font_size:1.1em|text_align:center|line_height:1em\u00bb use_theme_fonts=\u00bbyes\u00bb][\/vc_column_inner][vc_column_inner width=\u00bb1\/4&#8243;][vc_custom_heading text=\u00bbUNIVERSIDAD<br \/>\nAUT\u00d3NOMA DE<br \/>\nGUADALAJARA\u00bb font_container=\u00bbtag:h2|font_size:1.1em|text_align:center|line_height:1em\u00bb use_theme_fonts=\u00bbyes\u00bb][vc_custom_heading text=\u00bbPALAPA<br \/>\nMUSIC\u00bb font_container=\u00bbtag:h2|font_size:1.1em|text_align:center|line_height:1em\u00bb use_theme_fonts=\u00bbyes\u00bb][vc_custom_heading text=\u00bbGRUPO MOBILIARIO<br \/>\nBECKMAN\u00bb font_container=\u00bbtag:h2|font_size:1.1em|text_align:center|line_height:1em\u00bb use_theme_fonts=\u00bbyes\u00bb][vc_custom_heading text=\u00bbGRUPO URREA\u00bb font_container=\u00bbtag:h2|font_size:1.1em|text_align:center|line_height:1em\u00bb use_theme_fonts=\u00bbyes\u00bb][vc_custom_heading text=\u00bbGRUPO<br \/>\nFRAGUA\u00bb font_container=\u00bbtag:h2|font_size:1.1em|text_align:center|line_height:1em\u00bb use_theme_fonts=\u00bbyes\u00bb][vc_custom_heading text=\u00bbMEGACABLE\u00bb font_container=\u00bbtag:h2|font_size:1.1em|text_align:center|line_height:1em\u00bb use_theme_fonts=\u00bbyes\u00bb][vc_custom_heading text=\u00bbPLAINCO<br \/>\nS.A. DE C.V.\u00bb font_container=\u00bbtag:h2|font_size:1.1em|text_align:center|line_height:1em\u00bb use_theme_fonts=\u00bbyes\u00bb][vc_custom_heading text=\u00bbGRUPO<br \/>\nVIDANTA\u00bb font_container=\u00bbtag:h2|font_size:1.1em|text_align:center|line_height:1em\u00bb use_theme_fonts=\u00bbyes\u00bb][vc_custom_heading text=\u00bbGRUPO MANA\u00bb font_container=\u00bbtag:h2|font_size:1.1em|text_align:center|line_height:1em\u00bb use_theme_fonts=\u00bbyes\u00bb][vc_custom_heading text=\u00bbPRODUCTOS<br \/>\nVERDE VALLE<br \/>\nS.A. DE C.V.\u00bb font_container=\u00bbtag:h2|font_size:1.1em|text_align:center|line_height:1em\u00bb use_theme_fonts=\u00bbyes\u00bb][vc_custom_heading text=\u00bbGRUPO<br \/>\nLEDESMA\u00bb font_container=\u00bbtag:h2|font_size:1.1em|text_align:center|line_height:1em\u00bb use_theme_fonts=\u00bbyes\u00bb][\/vc_column_inner][\/vc_row_inner][\/vc_column][\/vc_row][vc_row css=\u00bb.vc_custom_1576569126323{padding-top: 60px !important;padding-bottom: 60px !important;background-color: #2b2420 !important;}\u00bb el_id=\u00bbcontacto\u00bb][vc_column width=\u00bb1\/4&#8243;][\/vc_column][vc_column width=\u00bb1\/2&#8243;][vc_custom_heading text=\u00bbContacto\u00bb font_container=\u00bbtag:h2|font_size:3.9em|text_align:center|color:%23ffffff|line_height:1em\u00bb use_theme_fonts=\u00bbyes\u00bb el_class=\u00bbdmserif\u00bb]\n<div class=\"wpcf7 no-js\" id=\"wpcf7-f4-o1\" lang=\"es-ES\" dir=\"ltr\" data-wpcf7-id=\"4\">\n<div class=\"screen-reader-response\"><p role=\"status\" aria-live=\"polite\" aria-atomic=\"true\"><\/p> <ul><\/ul><\/div>\n<form action=\"\/es\/wp-json\/wp\/v2\/pages\/12#wpcf7-f4-o1\" method=\"post\" class=\"wpcf7-form init\" aria-label=\"Formulario de contacto\" novalidate=\"novalidate\" data-status=\"init\">\n<fieldset class=\"hidden-fields-container\"><input type=\"hidden\" name=\"_wpcf7\" value=\"4\" \/><input type=\"hidden\" name=\"_wpcf7_version\" value=\"6.1.5\" \/><input type=\"hidden\" name=\"_wpcf7_locale\" value=\"es_ES\" \/><input type=\"hidden\" name=\"_wpcf7_unit_tag\" value=\"wpcf7-f4-o1\" \/><input type=\"hidden\" name=\"_wpcf7_container_post\" value=\"0\" \/><input type=\"hidden\" name=\"_wpcf7_posted_data_hash\" value=\"\" \/>\n<\/fieldset>\n<p><span class=\"wpcf7-form-control-wrap\" data-name=\"your-name\"><input size=\"40\" maxlength=\"400\" class=\"wpcf7-form-control wpcf7-text wpcf7-validates-as-required\" aria-required=\"true\" aria-invalid=\"false\" placeholder=\"Nombre*\" value=\"\" type=\"text\" name=\"your-name\" \/><\/span><span class=\"wpcf7-form-control-wrap\" data-name=\"your-email\"><input size=\"40\" maxlength=\"400\" class=\"wpcf7-form-control wpcf7-email wpcf7-validates-as-required wpcf7-text wpcf7-validates-as-email\" aria-required=\"true\" aria-invalid=\"false\" placeholder=\"Email*\" value=\"\" type=\"email\" name=\"your-email\" \/><\/span><br \/>\n<span class=\"wpcf7-form-control-wrap\" data-name=\"your-message\"><textarea cols=\"40\" rows=\"10\" maxlength=\"2000\" class=\"wpcf7-form-control wpcf7-textarea wpcf7-validates-as-required\" aria-required=\"true\" aria-invalid=\"false\" placeholder=\"Mensaje\" name=\"your-message\"><\/textarea><\/span><br \/>\n<input class=\"wpcf7-form-control wpcf7-submit has-spinner\" type=\"submit\" value=\"Enviar\" \/>\n<\/p><div class=\"wpcf7-response-output\" aria-hidden=\"true\"><\/div>\n<\/form>\n<\/div>\n[\/vc_column][vc_column width=\u00bb1\/4&#8243;][\/vc_column][\/vc_row]<\/p>\n","protected":false},"excerpt":{"rendered":"<p>[vc_row][vc_column][\/vc_column][\/vc_row][vc_row css=\u00bb.vc_custom_1579915181261{margin-top: 0px !important;margin-bottom: 0px !important;padding-top: 0px !important;padding-bottom: 0px !important;}\u00bb el_class=\u00bbposicion-relativa\u00bb el_id=\u00bbnosotros\u00bb][vc_column width=\u00bb1\/6&#8243; css=\u00bb.vc_custom_1576543068558{margin-top: 0px !important;margin-bottom: 0px !important;padding-top: 0px !important;padding-bottom: 0px !important;}\u00bb][\/vc_column][vc_column width=\u00bb5\/6&#8243;][vc_custom_heading text=\u00bbNosotros\u00bb font_container=\u00bbtag:h2|font_size:4em|text_align:left|color:%232b2420|line_height:1em\u00bb use_theme_fonts=\u00bbyes\u00bb css=\u00bb.vc_custom_1578691973945{margin-top: 35px !important;margin-bottom: 0px !important;padding-top: 0px !important;padding-bottom: 0px !important;padding-left: 0px !important;}\u00bb el_class=\u00bbdmserif posicion-relativa z-index3 line-height-0-7 posicion-f\u00bb][\/vc_column][\/vc_row][vc_row full_height=\u00bbyes\u00bb columns_placement=\u00bbtop\u00bb css=\u00bb.vc_custom_1579915189883{margin-top: 0px !important;margin-bottom: 0px !important;background-image: url(http:\/\/www.lvmg.mx\/\/wp-content\/uploads\/2019\/12\/fondo-nosotros.png?id=53) !important;background-position: 0 0 !important;background-repeat: no-repeat &hellip; <a href=\"https:\/\/www.lvmg.mx\/es\/\" class=\"more-link\">Continue reading <span class=\"screen-reader-text\">Inicio<\/span> <span class=\"meta-nav\">&rarr;<\/span><\/a><\/p>\n","protected":false},"author":1,"featured_media":0,"parent":0,"menu_order":0,"comment_status":"closed","ping_status":"closed","template":"","meta":{"footnotes":""},"class_list":["post-12","page","type-page","status-publish","hentry"],"_links":{"self":[{"href":"https:\/\/www.lvmg.mx\/es\/wp-json\/wp\/v2\/pages\/12","targetHints":{"allow":["GET"]}}],"collection":[{"href":"https:\/\/www.lvmg.mx\/es\/wp-json\/wp\/v2\/pages"}],"about":[{"href":"https:\/\/www.lvmg.mx\/es\/wp-json\/wp\/v2\/types\/page"}],"author":[{"embeddable":true,"href":"https:\/\/www.lvmg.mx\/es\/wp-json\/wp\/v2\/users\/1"}],"replies":[{"embeddable":true,"href":"https:\/\/www.lvmg.mx\/es\/wp-json\/wp\/v2\/comments?post=12"}],"version-history":[{"count":116,"href":"https:\/\/www.lvmg.mx\/es\/wp-json\/wp\/v2\/pages\/12\/revisions"}],"predecessor-version":[{"id":467,"href":"https:\/\/www.lvmg.mx\/es\/wp-json\/wp\/v2\/pages\/12\/revisions\/467"}],"wp:attachment":[{"href":"https:\/\/www.lvmg.mx\/es\/wp-json\/wp\/v2\/media?parent=12"}],"curies":[{"name":"wp","href":"https:\/\/api.w.org\/{rel}","templated":true}]}}